{"id":20,"date":"2019-04-22T11:42:57","date_gmt":"2019-04-22T09:42:57","guid":{"rendered":"http:\/\/umabci.uma.es\/?page_id=20"},"modified":"2024-07-29T11:43:42","modified_gmt":"2024-07-29T09:43:42","slug":"noticias","status":"publish","type":"page","link":"https:\/\/umabci.uma.es\/index.php\/noticias\/","title":{"rendered":"Noticias"},"content":{"rendered":"\n<ul class=\"wp-block-list\">\n<li>19\/05\/2024. Noticia sobre el Instituto TELMA de Telecomunicaciones de la Universidad de M\u00e1laga, con especial menci\u00f3n al grupo UMA-BCI en <a href=\"https:\/\/www.diariosur.es\/tecnologia\/investigacion\/laboratorio-uma-aprenden-leer-mente-ayudar-pacientes-20231115200611-nt.html#&amp;ref=\">Diario Sur<\/a>.<\/li>\n\n\n\n<li>7\/07\/2023. Participaci\u00f3n de Francisco Velasco en el <a href=\"https:\/\/contigosomosvisibles.easychatbot.net\/\" target=\"_blank\" rel=\"noreferrer noopener\">I Encuentro \u00abContigo Somos Visibles\u00bb<\/a> en la mesa redonda \u00abLa Inteligencia Artificial al servicio de la Discapacidad\u00bb. <a href=\"https:\/\/www.youtube.com\/watch?v=2_L38AKDOhw&amp;t=15645s\" target=\"_blank\" rel=\"noreferrer noopener\">Enlace v\u00eddeo (minuto 4:20:45)<\/a>.<\/li>\n\n\n\n<li>26\/06\/2023. El art\u00edculo presentado en la conferencia COGNITIVE 2023, \u201cEvaluation of Different Types of Stimuli in a ERP-Based Brain-Computer Interface Speller under RSVP\u201d ha recibido el premio a mejor art\u00edculo de dicha conferencia, (<a href=\"https:\/\/www.iaria.org\/conferences2023\/AwardsCOGNITIVE23.html\">Link<\/a>).<\/li>\n\n\n\n<li>31\/05\/2023. Participaci\u00f3n de Francisco Velasco en la <a href=\"https:\/\/catedratelefonicauma.es\/actividades\/jornada-agora-telefonica-catedra-5g-redes-de-nueva-generacion-y-tecnologias-de-la-informacion\/\" target=\"_blank\" rel=\"noreferrer noopener\">Jornada \u00c1gora Telef\u00f3nica<\/a> organizada por la C\u00e1tedra 5G Redes de Nueva Generaci\u00f3n y Tecnolog\u00edas de la Informaci\u00f3n, llamada \u00abConstruyendo sobre la red: las redes tecnol\u00f3gicas como facilitadoras de las redes humanas\u00bb.<\/li>\n\n\n\n<li>16\/05\/2023. <a href=\"https:\/\/www.canalsurmas.es\/videos\/detail\/74990-enred-16052023\" target=\"_blank\" rel=\"noreferrer noopener\">Reportaje <\/a>sobre la investigaci\u00f3n reciente del grupo en el programa de divulgaci\u00f3n cient\u00edfica \u00abEn Red\u00bb de Andaluc\u00eda TV.<\/li>\n\n\n\n<li>16\/02\/2023. Participaci\u00f3n de grupo UMA-BCI en el <a href=\"https:\/\/transfiere.fycma.com\/\" target=\"_blank\" rel=\"noreferrer noopener\">Foro Transfiere<\/a> como miembro del Instituto <a href=\"https:\/\/www.uma.es\/institutos-uma\/info\/120227\/instituto-universitario-de-investigacion-en-telecomunicacion\/\" target=\"_blank\" rel=\"noreferrer noopener\">TELMA<\/a>. Noticia al respecto en el <a href=\"http:\/\/canalmalaga-ondemand.flumotion.com\/outgoing\/video\/mp4\/high\/20230216_1800_1830_MNNOCHE_V_1X3_1_MALAGA_NOTICIAS-SEGUNDA_EDICION-EVA_ENCINA-CANAL_MALAGA_RTVM.mp4\" target=\"_blank\" rel=\"noreferrer noopener\">informativo de Canal M\u00e1laga<\/a> (minuto 6:30).<\/li>\n\n\n\n<li>14\/02\/2023. A ra\u00edz del trabajo \u00abBrain-computer interface (BCI)-generated speech to control domotic devices\u00bb, la fundaci\u00f3n Descubre emite una nota de prensa que queda reflejada en varios medios de \u00e1mbito nacional: <a href=\"https:\/\/www.europapress.es\/andalucia\/malaga-00356\/noticia-desarrollan-aplicacion-personas-movilidad-controlen-dispositivos-domoticos-pensamiento-20230214093647.html\" target=\"_blank\" rel=\"noreferrer noopener\">EuropaPress<\/a>, <a href=\"https:\/\/www.lavanguardia.com\/vida\/20230214\/8755441\/aplicacion-permite-controlar-dispositivos-domoticos-pensamiento.html\" target=\"_blank\" rel=\"noreferrer noopener\">La Vanguardia<\/a>, <a href=\"https:\/\/www.20minutos.es\/tecnologia\/aplicaciones\/investigadores-espanoles-crean-una-app-que-permite-controlar-dispositivos-con-el-cerebro-5101050\/\" target=\"_blank\" rel=\"noreferrer noopener\">20 Minutos<\/a>, <a href=\"https:\/\/www.niusdiario.es\/ciencia-y-tecnologia\/ciencia\/20230214\/investigadores-malaguenos-aplicacion-controlar-dispositivos-ela-domotica-con-pensamiento_18_08722657.html\" target=\"_blank\" rel=\"noreferrer noopener\">Nius Diario<\/a>, <a href=\"https:\/\/www.dclm.es\/noticias\/140325\/el-espacio-de-la-discapacidad-desarrollan-una-aplicacion-para-que-personas-sin-movilidad-controlen-dispositivos-domoticos-con-el-pensamiento\" target=\"_blank\" rel=\"noreferrer noopener\">El Diario de Castilla la Mancha<\/a>, <a href=\"https:\/\/lagacetadeandalucia.es\/2023\/02\/14\/desarrollan-una-aplicacion-para-que-personas-sin-movilidad-controlen-dispositivos-domoticos-con-el-pensamiento\/\" target=\"_blank\" rel=\"noreferrer noopener\">La Gaceta de Andaluc\u00eda<\/a>, <a href=\"https:\/\/www.malagahoy.es\/malaga\/Investigadores-UMA-aplicacion-dispositivos-pensamiento_0_1766223670.html\" target=\"_blank\" rel=\"noreferrer noopener\">M\u00e1laga Hoy<\/a>, <a href=\"https:\/\/www.enandaluz.es\/andalucia\/salud\/26478-investigadores-de-malaga-crean-una-app-cerebral-para-personas-sin-movilidad\/\" target=\"_blank\" rel=\"noreferrer noopener\">En Andaluz<\/a>, <a href=\"https:\/\/www.infosalus.com\/salud-investigacion\/noticia-desarrollan-aplicacion-personas-movilidad-controlen-dispositivos-domoticos-pensamiento-20230214093837.html\" target=\"_blank\" rel=\"noreferrer noopener\">InfoSalus<\/a>, entre otros, con una menci\u00f3n en las noticias de ciencia del d\u00eda en el  \u00ab<a href=\"https:\/\/twitter.com\/angelmartin_nc\/status\/1625744476932042752?s=20\" target=\"_blank\" rel=\"noreferrer noopener\">Informativo matinal para ahorrar tiempo<\/a>\u00bb (de Angel Mart\u00edn) del 15\/02\/23.<\/li>\n\n\n\n<li>13\/12\/2021. <a href=\"https:\/\/idescubre.fundaciondescubre.es\/noticias\/volver-a-comunicarse-con-una-discapacidad-motora-grave\/\" target=\"_blank\" rel=\"noreferrer noopener\">Nota de prensa<\/a> de la Fundaci\u00f3n Descubre sobre el trabajo del grupo UMA-BCI. Referencia en varias publicaciones de prensa: <a href=\"https:\/\/www.diariosur.es\/universidad\/investigadores-uma-prototipo-senales-cerebrales-personas-discapacidad-20211213151247-nt.html\" target=\"_blank\" rel=\"noreferrer noopener\">Diario Sur<\/a>, <a href=\"https:\/\/www.laopiniondemalaga.es\/malaga\/2021\/12\/20\/investigadores-universidad-malaga-ela-comunicarse-escrito-60737504.html\" target=\"_blank\" rel=\"noreferrer noopener\">La Opini\u00f3n de M\u00e1laga<\/a>, <a href=\"https:\/\/www.cope.es\/actualidad\/tecnologia\/noticias\/prototipo-lee-senales-cerebrales-personas-con-discapacidad-motora-grave-20211213_1672679\" target=\"_blank\" rel=\"noreferrer noopener\">COPE<\/a>, <a href=\"https:\/\/www.diaridegirona.cat\/salut\/2021\/12\/16\/prototip-llegeix-senyals-cerebrals-persones-60724474.html\" target=\"_blank\" rel=\"noreferrer noopener\">Diari de Girona<\/a>, <a href=\"https:\/\/noticiasdelaciencia.com\/art\/43318\/lectura-simple-del-pensamiento-para-personas-con-discapacidad-motora-grave\" target=\"_blank\" rel=\"noreferrer noopener\">Noticias de Ciencia<\/a>.<\/li>\n\n\n\n<li>Entrevista a Ricardo Ron en el programa <a href=\"https:\/\/www.cope.es\/programas\/mediodia-cope\/audios\/mediodia-cope-diciembre-2021-20211208_1659394\" target=\"_blank\" rel=\"noreferrer noopener\">Mediod\u00eda COPE<\/a>, a partir del minuto 20:00.<\/li>\n\n\n\n<li>23\/11\/2021. Aparici\u00f3n del grupo UMA-BCI en el programa <a href=\"https:\/\/www.rtve.es\/play\/videos\/la-aventura-del-saber\/23-11-2021\/6222902\/\" target=\"_blank\" rel=\"noreferrer noopener\">La Aventura del Saber<\/a>, de la 2 de TVE. A partir del minuto 18:45<\/li>\n\n\n\n<li>Entrevista a Ricardo Ron el programa \u00ab<a href=\"https:\/\/cadenaser.com\/emisora\/2021\/05\/07\/ser_malaga\/1620381719_463178.html\" target=\"_blank\" rel=\"noreferrer noopener\">Hoy por Hoy matinal M\u00e1laga<\/a>\u00bb de la Cadena Ser.<\/li>\n\n\n\n<li>2\/10\/2019. Art\u00edculo sobre el grupo UMA-BCI en la revista de divulgaci\u00f3n Novaciencia. <a href=\"https:\/\/novaciencia.es\/sindrome-enclaustramiento-ela\/\">Versi\u00f3n  online<\/a>, <a href=\"https:\/\/novaciencia.es\/wp-content\/uploads\/2019\/10\/Nova_Ciencia.154.Octubre_2019.Gota_fria.pdf\">versi\u00f3n pdf<\/a> (p\u00e1gina 26).<\/li>\n\n\n\n<li>21\/06\/2019. Art\u00edculo de prensa en la <a href=\"https:\/\/www.uma.es\/sala-de-prensa\/noticias\/investigadores-desarrollan-un-sistema-cerebro-maquina-que-mejora-la-comunicacion-de-pacientes-con-ela\/\">Sala de Prensa de la UMA<\/a>, de la que se hacen eco varios medios: <a href=\"https:\/\/www.laopiniondemalaga.es\/malaga\/2019\/06\/21\/sistema-cerebro-maquina-mejora-comunicacion\/1097111.html\">La Opini\u00f3n de M\u00e1laga<\/a>, <a href=\"https:\/\/www.lavanguardia.com\/local\/sevilla\/20190621\/463021340541\/investigadores-de-la-uma-desarrollan-un-sistema-cerebro-maquina-para-pacientes-con-ela.html\">La Vanguardia<\/a>, <a href=\"https:\/\/www.cope.es\/actualidad\/tecnologia\/noticias\/crean-una-aplicacion-para -mejorar-comunicacion-pacientes-con-ela-20190621_442213\">Cope<\/a>, <a href=\"https:\/\/novaciencia.es\/la-uma-sigue-avanzando-en-el-desarrollo-de-un-sistema -de-comunicacion-para-pacientes-con-ela\/\">Novaciencia<\/a>, <a href=\"http:\/\/www.aulamagna.com.es\/un-cerebro-maquina-que-mejora-la-comunicacion-de -pacientes-con-ela\/\">Aula Magna<\/a>, <a href=\"https:\/\/andaluciainformacion.es\/malaga\/834209\/crean-una-aplicacion-para-mejorar-la-comunicacion-de-pacientes-con-ela\/\">Andaluc\u00eda Informaci\u00f3n<\/a>. <\/li>\n\n\n\n<li>12-14\/06\/2019: Organizaci\u00f3n de la sesi\u00f3n especial titulada \u201c<a href=\"http:\/\/iwann.uma.es\/?page_id=290#SS09\">New and future tendencies in Brain-Computer Interface systems<\/a>\u201d dentro del congreso 15th International Work-Conference on Artificial Neural Networks (IWANN 2019) (<a href=\"http:\/\/iwann.uma.es\/\">http:\/\/iwann.uma.es\/<\/a>). <\/li>\n\n\n\n<li>28\/05\/2019. Referencia al proyecto SICSE en la web de Tecnolog\u00edas Accesibles de Indra, <a aria-label=\"Agencia SINC (abre en una nueva pesta\u00f1a)\" href=\"https:\/\/www.tecnologiasaccesibles.com\/es\/content\/proyecto-sicse\">enlace<\/a>.<\/li>\n\n\n\n<li>25\/04\/2019. Referencia en varias publicaciones de prensa: <a aria-label=\"Agencia SINC (abre en una nueva pesta\u00f1a)\" href=\"https:\/\/www.agenciasinc.es\/Noticias\/Un-sistema-cerebro-maquina-ayuda-a-comunicarse-a-personas-con-paralisis-muscular\" rel=\"noreferrer noopener\" target=\"_blank\">Agencia SINC<\/a>,<a href=\"https:\/\/www.europapress.es\/andalucia\/malaga-00356\/noticia-investigadores-uma-disenan-sistema-cerebro-maquina-ayuda-personas-paralisis-muscular-comunicarse-20190425114516.html\">Europa Press<\/a>, <a aria-label=\"Fundaci\u00f3n Descubre (abre en una nueva pesta\u00f1a)\" rel=\"noreferrer noopener\" href=\"https:\/\/fundaciondescubre.es\/noticias\/disenan-sistema-cerebro-maquina-ayuda-las-personas-paralisis-muscular-comunicarse\/\" target=\"_blank\">Fundaci\u00f3n Descubre<\/a>, <a aria-label=\"La Vanguardia (abre en una nueva pesta\u00f1a)\" rel=\"noreferrer noopener\" href=\"https:\/\/www.lavanguardia.com\/local\/sevilla\/20190425\/461856144672\/investigadores-disenan-un-sistema-cerebro-maquina-que-ayuda-a-las-personas-con-paralisis-muscular-a-comunicarse.html\" target=\"_blank\">La Vanguardia<\/a>, <a aria-label=\"LaSexta (abre en una nueva pesta\u00f1a)\" rel=\"noreferrer noopener\" href=\"https:\/\/www.lasexta.com\/tecnologia-tecnoxplora\/sinc\/sistema-cerebromaquina-ayuda-comunicarse-personas-paralisis-muscular_201904265cc2c7fc0cf29a24c4d4cc42.html\" target=\"_blank\">LaSexta<\/a>, <a href=\"https:\/\/theworldnews.net\/es-news\/cerebro-maquina-contra-la-paralisis\">The World News<\/a>, <a href=\"https:\/\/www.malagahoy.es\/vivir\/investigacion-UMA-paralisis-muscular-comunicacion_0_1348965592.html\">MalagaHoy<\/a>&#8230;<\/li>\n\n\n\n<li> 03\/09\/2018. El art\u00edculo presentado en la conferencia BRAININFO 2018,   \u201cEvaluation of a P300 Brain-Computer Interface Using Different Sets of   Flashing Stimuli\u201d ha recibido el premio a mejor paper de dicha conferencia, (<a href=\"https:\/\/www.iaria.org\/conferences2018\/AwardsBRAININFO18.html\">link<\/a>). <\/li>\n\n\n\n<li> 04\/06\/2018. Aparici\u00f3n del grupo UMA-BCI en el programa <a href=\"http:\/\/www.rtve.es\/alacarta\/videos\/la-aventura-del-saber\/aventura-del-saber-04-06-18\/4622913\/\">La Aventura del Saber<\/a>, de la 2 de TVE. A partir del minuto 54:55 <\/li>\n\n\n\n<li> 27\/01\/2018. Aparici\u00f3n del grupo UMA-BCI en el programa <a href=\"http:\/\/www.canalsur.es\/television\/programas\/tesis\/detalle\/62.html?video=1245828\">Tesis<\/a> de Canal Sur. Se trata la ELA desde el minuto 11:41; se explica el sistema LiCOM en el minuto 20:25<\/li>\n\n\n\n<li>10\/01\/2018. Referencia en la prensa: Diario Sur, <a href=\"http:\/\/www.diariosur.es\/cronica-universitaria\/tecnologia-pacientes-sello-20180110000336-ntvo.html\">enlace.<\/a><\/li>\n\n\n\n<li> 21\/12\/2017. Referencia en la prensa: Sala de Prensa de la UMA, <a href=\"http:\/\/www.uma.es\/sala-de-prensa\/noticias\/presentan-una-aplicacion-tecnologica-para-mejorar-la-comunicacion-de-pacientes-con-ela\/\">enlace<\/a>. Varios medios replican la noticia (<a href=\"http:\/\/www.europapress.es\/andalucia\/malaga-00356\/noticia-expertos-uma-presentan-aplicacion-tecnologica-mejorar-comunicacion-pacientes-ela-20171221173733.html\">Europa Press<\/a>, <a href=\"http:\/\/www.20minutos.es\/noticia\/3218875\/0\/expertos-uma-presentan-aplicacion-tecnologica-para-mejorar-comunicacion-pacientes-con-ela\/\">20 Minutos<\/a>, <a href=\"http:\/\/www.laopiniondemalaga.es\/malaga\/2017\/12\/22\/uma-presenta-aplicacion-mejorar-comunicacion\/975825.html\">La Opini\u00f3n de M\u00e1laga<\/a>, <a href=\"http:\/\/novaciencia.es\/crean-una-aplicacion-mejorar-la-comunicacion-los-enfermos-ela\/\">Nova Ciencia<\/a>). <\/li>\n\n\n\n<li>  13\/12\/2017. Referencia en la prensa: Saber Universidad, <a href=\"http:\/\/www.saberuniversidad.es\/investigacion\/puerta-comunicacion-pacientes-ELA_0_1197780730.html\">enlace<\/a>.  <\/li>\n\n\n\n<li> 12-14\/06\/2017. Organizaci\u00f3n de la sesi\u00f3n especial titulada \u201c<a href=\"http:\/\/www.licom.uma.es\/?page_id=67\" rel=\"noreferrer noopener\" target=\"_blank\">Real World applications of BCI systems<\/a>\u201d dentro del congreso 14th International Work-Conference on Artificial Neural Networks (IWANN 2017) (<a href=\"http:\/\/iwann.uma.es\/\">http:\/\/iwann.uma.es\/<\/a>).  <\/li>\n\n\n\n<li> 10\/05\/2017. Referencia en la prensa: Diario Sur, <a aria-label=\"Enlace (abre en una nueva pesta\u00f1a)\" href=\"http:\/\/www.diariosur.es\/cronica-universitaria\/201705\/10\/objetivo-mover-silla-ruedas-20170510004041-v.html\">enlace.<\/a> <\/li>\n\n\n\n<li> 22\/6\/2015. El Proyecto INCADI resulta  galardonado con el Accesit de los \u201cPremios Dependencia y Sociedad\u201d  otorgados por la Fundaci\u00f3n CASER (<a aria-label=\"Enlace (abre en una nueva pesta\u00f1a)\" rel=\"noreferrer noopener\" href=\"https:\/\/www.uma.es\/sala-de-prensa\/noticias\/el-equipo-uma-bci-del-grupo-de-investigacion-diana-premiado-con-un-accesit-por-la-fundacion-caser\/?set_language=en\" target=\"_blank\">Enlace<\/a>) <\/li>\n\n\n\n<li>12\/05\/2015. Reportaje en el  suplemento Cr\u00f3nica Universitaria del diario Sur \u00abInvestigadores prueba  con \u00e9xito un sistema que ayuda a enfermos de ELA\u00bb<\/li>\n\n\n\n<li>17\/01\/2015.  Entrevista para el programa Aula Abierta, de Radio Andaluc\u00eda Informaci\u00f3n (a partir del minuto 33, <a rel=\"noreferrer noopener\" href=\"http:\/\/alacarta.canalsur.es\/radio\/programa\/aula-abierta\/164\" target=\"_blank\">Enlace<\/a>)<\/li>\n\n\n\n<li>13\/01\/2015. Referencia  en el blog \u00abbSci21.org\u00bb (Behavioral Science in the 21st Century) al  trabajo presentado en el congreso \u00ab7th Annual European Association for  Behavior Analysis\u00bb (<a rel=\"noreferrer noopener\" href=\"http:\/\/www.bsci21.org\/2015\/01\/mind-control-neural-engineering-and.html\" target=\"_blank\">Enlace<\/a>)<\/li>\n\n\n\n<li>04\/12\/2014. El Proyecto INCADI resulta ganador del \u00abPremio Mejor Historia de Luz\u00bb, del portal de noticias Historias de Luz (<a rel=\"noreferrer noopener\" href=\"http:\/\/www.historiasdeluz.es\/historia-del-dia\/innovacion\/noticias-andalucia-ela-premios-cerebro\" target=\"_blank\">Enlace<\/a>, <a aria-label=\"v\u00eddeo entrega de premios (abre en una nueva pesta\u00f1a)\" rel=\"noreferrer noopener\" href=\"https:\/\/youtu.be\/l55QqhJx_4A?t=3070\" target=\"_blank\">v\u00eddeo entrega de premios<\/a>), del que se hace eco la prensa escrita (<a href=\"http:\/\/www.incadi.uma.es\/wp-content\/uploads\/2015\/03\/GranadaHoy_5dic14.pdf\">Enlace<\/a>).<\/li>\n\n\n\n<li>02\/08\/2014. Noticia sobre el proyecto INCADI en el diario SUR &nbsp;(<a rel=\"noreferrer noopener\" href=\"http:\/\/www.incadi.uma.es\/wp-content\/uploads\/2014\/09\/Sur_2_08_2014.pdf\" target=\"_blank\">Enlace<\/a>)<\/li>\n\n\n\n<li>11\/11\/2013. Noticia sobre el proyecto INCADI en los diarios La Opini\u00f3n de M\u00e1laga (<a href=\"http:\/\/www.incadi.uma.es\/wp-content\/uploads\/2015\/02\/laOpnion11sep2013.pdf\">Enlace<\/a>) y M\u00e1laga Hoy (<a href=\"http:\/\/www.incadi.uma.es\/wp-content\/uploads\/2013\/07\/malagaHoy11sep2013.pdf\">Enlace<\/a>)<\/li>\n\n\n\n<li>10\/11\/2013. V\u00eddeo en el portal de noticias \u00abHistorias de Luz\u00bb. <a href=\"http:\/\/www.historiasdeluz.es\/innovacion\/1486-noticias-andalucia-malaga-universidad-movilidad-interfaz-cerebral-comunicacion.html\">Enlace<\/a><\/li>\n\n\n\n<li>14\/03\/2013. Art\u00edculo  de divulgaci\u00f3n cient\u00edfica \u201cControlar las m\u00e1quinas con la mente:  pensamientos permiten a los discapacitados desplazarse y escribir\u201d en el  portal cient\u00edfico Cienc\u00edcola: <a href=\"http:\/\/www.ciencicola.com\/2013\/03\/controlar-las-maquinas-con-la-mente-pensamientos-permiten-a-los-discapacitados-desplazarse-y-escribir-mensajes\/\">Enlace<\/a><\/li>\n\n\n\n<li>04\/2012. Art\u00edculo de divulgaci\u00f3n cient\u00edfica de Ricardo Ron Angevin,\u201cInterfaz  Cerebro-Computadora: Pensamientos al servicio de la comunicaci\u00f3n\u201d en  Uciencia, Revista cuatrimestral de divulgaci\u00f3n cient\u00edfica de la  Universidad de M\u00e1laga, n\u00ba 9, p.36-39, Abril 2012. <a href=\"http:\/\/uciencia\/Revista-Uciencia\/Los-secretos-del-cerebro\">Enlace<\/a><\/li>\n<\/ul>\n","protected":false},"excerpt":{"rendered":"","protected":false},"author":1,"featured_media":0,"parent":0,"menu_order":0,"comment_status":"closed","ping_status":"closed","template":"","meta":{"footnotes":""},"class_list":["post-20","page","type-page","status-publish","hentry"],"yoast_head":"<!-- This site is optimized with the Yoast SEO plugin v27.4 - https:\/\/yoast.com\/product\/yoast-seo-wordpress\/ -->\n<title>Noticias - UMA-BCI<\/title>\n<meta name=\"robots\" content=\"index, follow, max-snippet:-1, max-image-preview:large, max-video-preview:-1\" \/>\n<link rel=\"canonical\" href=\"https:\/\/umabci.uma.es\/index.php\/noticias\/\" \/>\n<meta property=\"og:locale\" content=\"es_ES\" \/>\n<meta property=\"og:type\" content=\"article\" \/>\n<meta property=\"og:title\" content=\"Noticias - UMA-BCI\" \/>\n<meta property=\"og:url\" content=\"https:\/\/umabci.uma.es\/index.php\/noticias\/\" \/>\n<meta property=\"og:site_name\" content=\"UMA-BCI\" \/>\n<meta property=\"article:modified_time\" content=\"2024-07-29T09:43:42+00:00\" \/>\n<meta name=\"twitter:card\" content=\"summary_large_image\" \/>\n<meta name=\"twitter:label1\" content=\"Tiempo de lectura\" \/>\n\t<meta name=\"twitter:data1\" content=\"4 minutos\" \/>\n<script type=\"application\/ld+json\" class=\"yoast-schema-graph\">{\"@context\":\"https:\\\/\\\/schema.org\",\"@graph\":[{\"@type\":\"WebPage\",\"@id\":\"https:\\\/\\\/umabci.uma.es\\\/index.php\\\/noticias\\\/\",\"url\":\"https:\\\/\\\/umabci.uma.es\\\/index.php\\\/noticias\\\/\",\"name\":\"Noticias - UMA-BCI\",\"isPartOf\":{\"@id\":\"https:\\\/\\\/umabci.uma.es\\\/#website\"},\"datePublished\":\"2019-04-22T09:42:57+00:00\",\"dateModified\":\"2024-07-29T09:43:42+00:00\",\"breadcrumb\":{\"@id\":\"https:\\\/\\\/umabci.uma.es\\\/index.php\\\/noticias\\\/#breadcrumb\"},\"inLanguage\":\"es\",\"potentialAction\":[{\"@type\":\"ReadAction\",\"target\":[\"https:\\\/\\\/umabci.uma.es\\\/index.php\\\/noticias\\\/\"]}]},{\"@type\":\"BreadcrumbList\",\"@id\":\"https:\\\/\\\/umabci.uma.es\\\/index.php\\\/noticias\\\/#breadcrumb\",\"itemListElement\":[{\"@type\":\"ListItem\",\"position\":1,\"name\":\"Portada\",\"item\":\"https:\\\/\\\/umabci.uma.es\\\/\"},{\"@type\":\"ListItem\",\"position\":2,\"name\":\"Noticias\"}]},{\"@type\":\"WebSite\",\"@id\":\"https:\\\/\\\/umabci.uma.es\\\/#website\",\"url\":\"https:\\\/\\\/umabci.uma.es\\\/\",\"name\":\"UMA-BCI\",\"description\":\"Interfaces Cerebro-Computadora\",\"potentialAction\":[{\"@type\":\"SearchAction\",\"target\":{\"@type\":\"EntryPoint\",\"urlTemplate\":\"https:\\\/\\\/umabci.uma.es\\\/?s={search_term_string}\"},\"query-input\":{\"@type\":\"PropertyValueSpecification\",\"valueRequired\":true,\"valueName\":\"search_term_string\"}}],\"inLanguage\":\"es\"}]}<\/script>\n<!-- \/ Yoast SEO plugin. -->","yoast_head_json":{"title":"Noticias - UMA-BCI","robots":{"index":"index","follow":"follow","max-snippet":"max-snippet:-1","max-image-preview":"max-image-preview:large","max-video-preview":"max-video-preview:-1"},"canonical":"https:\/\/umabci.uma.es\/index.php\/noticias\/","og_locale":"es_ES","og_type":"article","og_title":"Noticias - UMA-BCI","og_url":"https:\/\/umabci.uma.es\/index.php\/noticias\/","og_site_name":"UMA-BCI","article_modified_time":"2024-07-29T09:43:42+00:00","twitter_card":"summary_large_image","twitter_misc":{"Tiempo de lectura":"4 minutos"},"schema":{"@context":"https:\/\/schema.org","@graph":[{"@type":"WebPage","@id":"https:\/\/umabci.uma.es\/index.php\/noticias\/","url":"https:\/\/umabci.uma.es\/index.php\/noticias\/","name":"Noticias - UMA-BCI","isPartOf":{"@id":"https:\/\/umabci.uma.es\/#website"},"datePublished":"2019-04-22T09:42:57+00:00","dateModified":"2024-07-29T09:43:42+00:00","breadcrumb":{"@id":"https:\/\/umabci.uma.es\/index.php\/noticias\/#breadcrumb"},"inLanguage":"es","potentialAction":[{"@type":"ReadAction","target":["https:\/\/umabci.uma.es\/index.php\/noticias\/"]}]},{"@type":"BreadcrumbList","@id":"https:\/\/umabci.uma.es\/index.php\/noticias\/#breadcrumb","itemListElement":[{"@type":"ListItem","position":1,"name":"Portada","item":"https:\/\/umabci.uma.es\/"},{"@type":"ListItem","position":2,"name":"Noticias"}]},{"@type":"WebSite","@id":"https:\/\/umabci.uma.es\/#website","url":"https:\/\/umabci.uma.es\/","name":"UMA-BCI","description":"Interfaces Cerebro-Computadora","potentialAction":[{"@type":"SearchAction","target":{"@type":"EntryPoint","urlTemplate":"https:\/\/umabci.uma.es\/?s={search_term_string}"},"query-input":{"@type":"PropertyValueSpecification","valueRequired":true,"valueName":"search_term_string"}}],"inLanguage":"es"}]}},"_links":{"self":[{"href":"https:\/\/umabci.uma.es\/index.php\/wp-json\/wp\/v2\/pages\/20","targetHints":{"allow":["GET"]}}],"collection":[{"href":"https:\/\/umabci.uma.es\/index.php\/wp-json\/wp\/v2\/pages"}],"about":[{"href":"https:\/\/umabci.uma.es\/index.php\/wp-json\/wp\/v2\/types\/page"}],"author":[{"embeddable":true,"href":"https:\/\/umabci.uma.es\/index.php\/wp-json\/wp\/v2\/users\/1"}],"replies":[{"embeddable":true,"href":"https:\/\/umabci.uma.es\/index.php\/wp-json\/wp\/v2\/comments?post=20"}],"version-history":[{"count":35,"href":"https:\/\/umabci.uma.es\/index.php\/wp-json\/wp\/v2\/pages\/20\/revisions"}],"predecessor-version":[{"id":585,"href":"https:\/\/umabci.uma.es\/index.php\/wp-json\/wp\/v2\/pages\/20\/revisions\/585"}],"wp:attachment":[{"href":"https:\/\/umabci.uma.es\/index.php\/wp-json\/wp\/v2\/media?parent=20"}],"curies":[{"name":"wp","href":"https:\/\/api.w.org\/{rel}","templated":true}]}}